{"id":45,"date":"2016-01-29T20:52:42","date_gmt":"2016-01-29T19:52:42","guid":{"rendered":"http:\/\/mathilde.digidrom.eu\/?page_id=45"},"modified":"2026-04-13T08:20:29","modified_gmt":"2026-04-13T06:20:29","slug":"vita","status":"publish","type":"page","link":"https:\/\/mathilde-grebot.com\/fr\/vita\/","title":{"rendered":"Profil"},"content":{"rendered":"<p><img loading=\"lazy\" decoding=\"async\" src=\"https:\/\/mathilde-grebot.com\/wp-content\/uploads\/2026.reoue_-771x1024.jpg\" alt=\"\" width=\"771\" height=\"1024\" class=\"alignnone size-medium wp-image-2455\" srcset=\"https:\/\/mathilde-grebot.com\/wp-content\/uploads\/2026.reoue_-771x1024.jpg 771w, https:\/\/mathilde-grebot.com\/wp-content\/uploads\/2026.reoue_-1542x2048.jpg 1542w, https:\/\/mathilde-grebot.com\/wp-content\/uploads\/2026.reoue_-1157x1536.jpg 1157w, https:\/\/mathilde-grebot.com\/wp-content\/uploads\/2026.reoue_-200x266.jpg 200w, https:\/\/mathilde-grebot.com\/wp-content\/uploads\/2026.reoue_-420x558.jpg 420w, https:\/\/mathilde-grebot.com\/wp-content\/uploads\/2026.reoue_-135x179.jpg 135w, https:\/\/mathilde-grebot.com\/wp-content\/uploads\/2026.reoue_-434x576.jpg 434w, https:\/\/mathilde-grebot.com\/wp-content\/uploads\/2026.reoue_-128x170.jpg 128w, https:\/\/mathilde-grebot.com\/wp-content\/uploads\/2026.reoue_-87x115.jpg 87w, https:\/\/mathilde-grebot.com\/wp-content\/uploads\/2026.reoue_-376x500.jpg 376w, https:\/\/mathilde-grebot.com\/wp-content\/uploads\/2026.reoue_-188x250.jpg 188w, https:\/\/mathilde-grebot.com\/wp-content\/uploads\/2026.reoue_-scaled.jpg 1928w, https:\/\/mathilde-grebot.com\/wp-content\/uploads\/2026.reoue_-200x266@2x.jpg 400w, https:\/\/mathilde-grebot.com\/wp-content\/uploads\/2026.reoue_-420x558@2x.jpg 840w, https:\/\/mathilde-grebot.com\/wp-content\/uploads\/2026.reoue_-135x179@2x.jpg 270w, https:\/\/mathilde-grebot.com\/wp-content\/uploads\/2026.reoue_-434x576@2x.jpg 868w, https:\/\/mathilde-grebot.com\/wp-content\/uploads\/2026.reoue_-376x500@2x.jpg 752w\" sizes=\"auto, (max-width: 771px) 100vw, 771px\" \/><\/p>\n<p>Foto: Anna Fernengel<\/p>\n<p>Lors de mon cursus universitaire \u00e0 l&rsquo;Universit\u00e9 d&rsquo;Arts Plastiques de Saint Etienne, s&rsquo;est d\u00e9velopp\u00e9 mon int\u00e9r\u00eat pour\u00a0 le v\u00eatement dans l&rsquo;art contemporain puis dans les arts vivants. Suite \u00e0 l&rsquo;obtention d&rsquo;un Dipl\u00f4me des M\u00e9tiers d&rsquo;Arts de costumi\u00e8re, je me suis install\u00e9e en Allemagne o\u00f9 j\u00b4ai particip\u00e9 \u00e0 de nombreux spectacles comme cr\u00e9atrice de costumes et charg\u00e9e de production pour l&rsquo;op\u00e9ra, la danse, le th\u00e9\u00e2tre et des com\u00e9dies musicales.<\/p>\n<p>Les collaborations artistiques avec les metteurs en sc\u00e8ne Jens Kerbel et Philipp Kochheim ainsi que la chor\u00e9graphe Rafaele Giovanola m&rsquo;ont men\u00e9e \u00e0 travailler dans de nombreux th\u00e9\u00e2tres et op\u00e9ras \u00e0 Bonn, Marburg, Brunswick, Kassel, Coblence, Monthey, Graz et Aarhus.<\/p>\n<p>Comme \u00ab\u00a0charg\u00e9e de production\u00a0\u00bb j&rsquo;ai collabor\u00e9 notamment avec les \u00e9quipes du th\u00e9\u00e2tre de Bonn, du festival de Salzburg, de l&rsquo;Op\u00e9ra National de Paris et de la Schaub\u00fchne de Berlin.<\/p>\n<p>Ponctuellement je suis intervenue comme couturi\u00e8re, par exemple pour la compagnie de danse the Forsythe Company ou la compagnie de marionnette Plexus Polaire.<\/p>\n<p>En 2021 j&rsquo;ai obtenu un Master de Direction de Projets Culturels et Artistiques Internationaux (DPACI) de l&rsquo;Universit\u00e9 Lyon 2. Mon m\u00e9moire porte sur l&rsquo;analyse compar\u00e9e du m\u00e9tier de cr\u00e9ateur\/ cr\u00e9atrice de costumes en France et en Allemagne.<\/p>\n<p><a href=\"https:\/\/mathilde-grebot.com\/wp-content\/uploads\/Mathilde-Grebot-Master-actualise-2022.pdf\">M\u00e9moire de master \u00ab\u00a0Enjeux de reconnaissance et de statut pour le m\u00e9tier de cr\u00e9ateur\/cr\u00e9atrice de costumes dans les arts vivants, en Allemagne et en France\u00a0\u00bb<\/a><\/p>\n<p>Depuis septembre 2023, j&rsquo;occupe le poste de directrice de production dans l&rsquo;atelier de costumes de l&rsquo;op\u00e9ra de Francfort sur le Main, \u00ab\u00a0St\u00e4dtische B\u00fchnen Frankfurt an Main\u00a0\u00bb.<\/p>\n<p>De 2021 \u00e0 2023 je me suis engag\u00e9e b\u00e9n\u00e9volement dans le comit\u00e9 de direction de l\u00b4association \u00ab\u00a0Szenografie-Bund\u00a0\u00bb. Je suis \u00e9galement membre de l&rsquo;UDS (Union Des Sc\u00e9nographes), des associations allemandes GtKOS (Association des m\u00e9tiers du costumes), du collectif berlinois KOST\u00dcMKOLLEKTIV, du syndicat des travailleurs du spectacle GDBA et du r\u00e9seau WAM (Women in Arts and Media).<\/p>\n<p><strong>Qu&rsquo;est-ce que la cr\u00e9ation de costumes?<\/strong><\/p>\n<p>En tant que conceptrice ou cr\u00e9atrice de costumes mon r\u00f4le consiste traditionnellement \u00e0 imaginer les silhouettes de personnages selon l&rsquo;\u00e9volution d&rsquo;un spectacle.<br \/>\nJe commence par \u00e9tudier une \u0153uvre (une musique ou un livret d\u00b4op\u00e9ra par exemple) avec une \u00e9quipe artistique compos\u00e9e d&rsquo;un ou d&rsquo;une chor\u00e9graphe, metteur ou metteuse en sc\u00e8ne, cr\u00e9ateur ou cr\u00e9atrices de d\u00e9cors et dramaturge. Lorsque nous montons un spectacle sans \u0153uvre de r\u00e9f\u00e9rence, dans le domaine de la danse par exemple, nous discutons de concepts et de sources d\u00b4inspiration.<br \/>\nJe pr\u00e9sente ensuite \u00e0 mon \u00e9quipe les \u00ab\u00a0maquettes de costumes\u00a0\u00bb, des dessins qui traduisent mes premi\u00e8res id\u00e9es sur les personnages et l&rsquo;esth\u00e9tique du spectacle. En parall\u00e8le, je cherche des tissus n\u00e9cessaires pour la la phase de fabrication dans les ateliers.<br \/>\nLes maquettes sont mon premier moyen de communication avec les ateliers de couture, de maquillage et de perruque. Ensemble mous planifions la fabrication des costumes.<br \/>\nJe collecte ensuite les \u00e9l\u00e9ments qui seront port\u00e9s par les interpr\u00e8tes (v\u00eatements, bijoux, petits accessoires, chaussures, chapeaux) dans des stocks, chez des fournisseurs ou dans des boutiques.<br \/>\nTous ces \u00e9l\u00e9ments sont alors combin\u00e9s lors des essayages de costumes.<br \/>\nEnfin, lors des r\u00e9p\u00e9titions en costumes sur sc\u00e8ne, o\u00f9 apparaissent pour la premi\u00e8re fois ensemble tous les \u00e9l\u00e9ments d\u00b4un spectacle, je m&rsquo;assure que mes choix de costumes soutiennent la dramaturgie et qu&rsquo;ils s&rsquo;harmonisent avec le jeu des interpr\u00e8tes, la mise en sc\u00e8ne, la chor\u00e9graphie, les d\u00e9cors et les lumi\u00e8res.<br \/>\nLes costumes peuvent \u00eatre ajust\u00e9s jusqu&rsquo;\u00e0 la Premi\u00e8re.<br \/>\nLe soir de la Premi\u00e8re mon travail de cr\u00e9atrice est termin\u00e9; je quitte le th\u00e9\u00e2tre et laisse le spectacle entre les mains des habilleurs et habilleuses, maquilleurs et maquilleuses.<\/p>\n<p>Cette description n&rsquo;est pas exhaustive et refl\u00e8te le mod\u00e8le de travail dans les th\u00e9\u00e2tres institutionnels. Les \u00e9tapes de travail et les domaines d\u00b4action des cr\u00e9ateurs et cr\u00e9atrices diff\u00e8rent selon les mod\u00e8les d\u00b4organisation des th\u00e9\u00e2tres et des \u00e9quipes.<\/p>\n<p><strong>Prix et r\u00e9compenses<\/strong><\/p>\n<p>\u00ab\u00a0Ragtime\u00a0\u00bb a \u00e9t\u00e9 r\u00e9compens\u00e9e comme meilleure com\u00e9die musicale de l&rsquo;ann\u00e9e 2019 lors de sa reprise en Autriche.<br \/>\nAvec \u00ab\u00a0Sphynx\u00a0\u00bb, la chor\u00e9graphe Rafa\u00eble Giovanola a re\u00e7u le prix allemand Faust 2022, dans la cat\u00e9gorie \u00ab\u00a0Mise en sc\u00e8ne de la danse\u00a0\u00bb.<br \/>\n\u00ab\u00a0Dracula\u00a0\u00bb a re\u00e7u le prix danois Aarets Reumert de la \u00ab\u00a0meilleure production musicale de l&rsquo;ann\u00e9e 2023\u00a0\u00bb.<\/p>\n<p>&#8230;&#8230;&#8230;&#8230;&#8230;&#8230;&#8230;&#8230;&#8230;&#8230;&#8230;&#8230;&#8230;&#8230;&#8230;&#8230;&#8230;&#8230;&#8230;&#8230;&#8230;&#8230;&#8230;&#8230;&#8230;&#8230;&#8230;&#8230;.<\/p>\n<p><strong>Cr\u00e9ations<br \/>\n<\/strong><\/p>\n<p>2023<br \/>\n<strong>Dracula,<\/strong> Bram Stoker, mise en sc\u00e8ne Martin Lyngbo, Theater Aarhus, Danemark<br \/>\n<strong>L&rsquo;Isola d&rsquo;Alcina<\/strong>, musique Giuseppe Gazzaniga, mise en sc\u00e8ne Christoph von Bernuth, Allemagne<\/p>\n<p>2022<br \/>\n<strong>Sunset Boulevard<\/strong>, mise en sc\u00e8ne Philipp Kochheim, Den Jyske Opera, Danemark<br \/>\n<strong>L&rsquo;Isola d&rsquo;Alcina<\/strong>, musique Giuseppe Gazzaniga, mise en sc\u00e8ne Christoph von Bernuth, Festival de Schwetzingen<b>, <\/b>Allemagne<br \/>\n<strong>Runtrough<\/strong>, co-cr\u00e9ation des costumes avec Veronika Kaleja, Cho\u00e9grahie Cocoondance, Premiere Festival Steps, Suisse<br \/>\n<strong>Sphynx<\/strong>, chor\u00e9graphie Rafaele Giovanola, Staatstheater Mainz, Mayence, Allemagne<\/p>\n<p>2021<br \/>\n<strong>Inkognito Royal<\/strong>, de Karsten Fundal, mise en sc\u00e8ne Philipp Kochheim, Den Jyske Opera, Aarhus, Danemark<\/p>\n<p>2020<br \/>\n<strong>L&rsquo;Enl\u00e8vement au Serail<\/strong>, de Wolfgang Amadeus Mozart, mise en sc\u00e8ne Philipp Kochheim, Den Jyske Opera, Aarhus, Danemark<br \/>\n<strong>Don Pasquale<\/strong>, de Gaetano Donizetti, mise en sc\u00e8ne Christoph von Bernuth, Oldenburgisches Staatstheater, Allemagne<br \/>\n<strong>Hybridity<\/strong>, Cocoon Dance Compagny, chor\u00e9graphie de Rafaele Giovanola,<\/p>\n<p>2019<br \/>\n<strong>Dream City<\/strong>, Coccon Dance Compagny, Suisse\/Allemagne<br \/>\n<strong>Docteur Jiwago<\/strong>, com\u00e9die musicale de Lucy Simon , mise en sc\u00e8ne Markus Olzinger, Musical Fr\u00fchling in Gmunden, Autriche<br \/>\n<strong>L&rsquo;Enl\u00e8vement au Serail<\/strong>, op\u00e9ra de Wolfgang Amadeus Mozart, mise en sc\u00e8ne Philipp Kochheim, Theater M\u00fcnster, Allemagne<br \/>\n<strong>Michael Kohlhaas<\/strong>, op\u00e9ra de Paul August von Klenau, mise en sc\u00e8ne\u00a0 Philipp Kochheim, Den Jyske Opera, Aarhus, Danemark<\/p>\n<p>2018<br \/>\n<strong>Ragtime<\/strong>, com\u00e9die musicale de Stephen Flaherty, mise en sc\u00e8ne Philipp Kochheim, Oper Graz<br \/>\n<strong>I due Foscari<\/strong>, op\u00e9ra de Guiseppe Verdi, mise en sc\u00e8ne Philipp Kochheim, Theater Bonn<br \/>\n<strong>Jane Eyre<\/strong>, com\u00e9die musicale de Paul Gordon, mise en sc\u00e8ne Markus Olzinger, Musical Fr\u00fchling in Gmunden<\/p>\n<p>2017<br \/>\n<strong>Ragtime<\/strong>, com\u00e9die musicale de Stephen Flaherty, mise en sc\u00e8ne\u00a0 Philipp Kochheim, Staatstheater Kassel<br \/>\n<strong>Romeo et Juliette<\/strong>, op\u00e9ra de Riccardo Zandonai, mise en sc\u00e8ne\u00a0 Philipp Kochheim, Staatstheater Braunschweig<\/p>\n<p>2016<br \/>\n<strong>Cyrano de Bergerac<\/strong>, com\u00e9die d\u00b4Edmond Rostand, mise en sc\u00e8ne\u00a0 Jens Kerbel, Hessisches Landestheater Marburg<\/p>\n<p>2015<br \/>\n<strong>Ragtime<\/strong>, com\u00e9die musicale de Stephen Flaherty, mise en sc\u00e8ne\u00a0 Philipp Kochheim, Staatstheater Braunschweig<br \/>\n<strong>Les aventures de Pinocchio<\/strong>, op\u00e9ra de Jonathan Dove, mise en sc\u00e8ne Jens Kerbel, Staatstheater Oldenburg<br \/>\n<strong>My Fair Lady<\/strong>, com\u00e9die musicale de Frederick Loewe, mise en sc\u00e8ne Philipp Kochheim, Staatstheater Braunschweig<\/p>\n<p>2014<br \/>\n<strong>La com\u00e9die du Bonheur<\/strong>, com\u00e9die musicale de Richard Rodgers, mise en sc\u00e8ne Philipp Kochheim, Staatstheater Kassel<br \/>\n<strong>L&rsquo;enfant et les Sortil\u00e8ges<\/strong>, op\u00e9ra de Maurice Ravel, mise en sc\u00e8ne Jens Kerbel, Theater Bonn<\/p>\n<p>2013<br \/>\n<strong>Le Freisch\u00fctz<\/strong>, op\u00e9ra de Carl Maria Weber, mise en sc\u00e8ne Philipp Kochheim, Theater Koblenz<\/p>\n<p>2010 &#8211; 2013<br \/>\nTheater Bonn :<br \/>\n<strong>La Princesse Arabe<\/strong>, op\u00e9ra pour enfants de Juan Cris\u00f3stomo de Arriaga, mise en sc\u00e8ne Jens Kerbel<br \/>\n<strong>Peer Gynt<\/strong>, op\u00e9ra pour enfants d\u00b4apr\u00e8s E. Grieg und H. Ibsen,\u00a0 mise en sc\u00e8ne Jens Kerbel<br \/>\n<strong>Eloise<\/strong>, op\u00e9ra pour enfants de Karl Jenkins, mise en sc\u00e8ne J. Kerbel<br \/>\n<strong>Le chiot bleu ciel<\/strong>, op\u00e9ra pour enfants de Gennadi Gladkov, mise en sc\u00e8ne\u00a0 B\u00e4rbel Stenzenberger<br \/>\n<strong>La nuit Sybille Berg<\/strong>, textes de Sybille Berg, mise en sc\u00e8ne Christopher Hanf<br \/>\n<strong>Trouble de la vue<\/strong>, dr\u00e2me de Christina Masciotti, mise en sc\u00e8ne J. Kerbel<br \/>\n<strong>Le Courage de ma m\u00e8re<\/strong>, dr\u00e2me de George Tabori, mise en sc\u00e8ne Helen Danner<br \/>\n<strong>Tausend W\u00fcnsche eine Quelle<\/strong>, de M.Barfu\u00df et J.Kerbel<\/p>\n<p>2011<br \/>\n<strong>4734 Peanuts<\/strong>, chor\u00e9ographie et danse de Ziv Frenkel et Valent\u00ed Rocamora i Tor\u00e0<\/p>\n<p>2008 &#8211; 2009<br \/>\nEcole Sup\u00e9rieure de Musique et des Arts Vivants de Francfort<br \/>\ncr\u00e9ation de costumes et de d\u00e9cors pour la classe de chant de S.Bastians et G. Kapoglou<\/p>\n<p>2007<br \/>\n<strong>L\u00b4histoire de l\u00b4homme<\/strong>, Paul Emond, Compagnie Traverses<\/p>\n<p>2006<br \/>\n<strong>Le jour des Corneilles<\/strong>, und<strong> Farces du Moyen Age<\/strong>, Compagnie Th\u00e9\u00e2tre du Lac<\/p>\n<p><strong>Postes de charg\u00e9e de production ou assistante costumes<\/strong><br \/>\nFestival de Salzburg,<br \/>\nOpera National de Paris,<br \/>\nTh\u00e9\u00e2tre de Bonn,<br \/>\nTh\u00e9\u00e2tre National de Mayence,<br \/>\nTh\u00e9\u00e2tre de la Croix Rousse<\/p>","protected":false},"excerpt":{"rendered":"<p>Foto: Anna Fernengel Lors de mon cursus universitaire \u00e0 l&rsquo;Universit\u00e9 d&rsquo;Arts Plastiques de Saint Etienne, s&rsquo;est d\u00e9velopp\u00e9 mon int\u00e9r\u00eat pour\u00a0 le v\u00eatement dans l&rsquo;art contemporain puis dans les arts vivants. Suite \u00e0 l&rsquo;obtention d&rsquo;un Dipl\u00f4me des M\u00e9tiers d&rsquo;Arts de costumi\u00e8re, je me suis install\u00e9e en [&hellip;]<\/p>\n","protected":false},"author":1,"featured_media":0,"parent":0,"menu_order":0,"comment_status":"closed","ping_status":"closed","template":"page-templates\/full-width.php","meta":{"footnotes":""},"class_list":["post-45","page","type-page","status-publish","hentry"],"_links":{"self":[{"href":"https:\/\/mathilde-grebot.com\/fr\/wp-json\/wp\/v2\/pages\/45","targetHints":{"allow":["GET"]}}],"collection":[{"href":"https:\/\/mathilde-grebot.com\/fr\/wp-json\/wp\/v2\/pages"}],"about":[{"href":"https:\/\/mathilde-grebot.com\/fr\/wp-json\/wp\/v2\/types\/page"}],"author":[{"embeddable":true,"href":"https:\/\/mathilde-grebot.com\/fr\/wp-json\/wp\/v2\/users\/1"}],"replies":[{"embeddable":true,"href":"https:\/\/mathilde-grebot.com\/fr\/wp-json\/wp\/v2\/comments?post=45"}],"version-history":[{"count":10,"href":"https:\/\/mathilde-grebot.com\/fr\/wp-json\/wp\/v2\/pages\/45\/revisions"}],"predecessor-version":[{"id":2458,"href":"https:\/\/mathilde-grebot.com\/fr\/wp-json\/wp\/v2\/pages\/45\/revisions\/2458"}],"wp:attachment":[{"href":"https:\/\/mathilde-grebot.com\/fr\/wp-json\/wp\/v2\/media?parent=45"}],"curies":[{"name":"wp","href":"https:\/\/api.w.org\/{rel}","templated":true}]}}